{"id":15,"date":"2025-11-14T21:18:19","date_gmt":"2025-11-14T21:18:19","guid":{"rendered":"http:\/\/neu.islandpferde-wenzel.at\/?page_id=15"},"modified":"2026-01-20T15:45:55","modified_gmt":"2026-01-20T15:45:55","slug":"termine","status":"publish","type":"page","link":"https:\/\/www.islandpferde-wenzel.at\/","title":{"rendered":"Home"},"content":{"rendered":"\n<p><\/p>\n\n\n\n<h1 class=\"wp-block-heading has-vivid-cyan-blue-color has-text-color has-link-color wp-elements-df654cda69c88ac73c92cb092f3dfea6\"><strong>TERMINE und AKTUELLES 2026<\/strong><\/h1>\n\n\n\n<p class=\"has-white-color has-text-color has-link-color wp-elements-f7a689fce178a727f98f2645458ec63f\">xxx<\/p>\n\n\n\n<h2 class=\"wp-block-heading has-vivid-green-cyan-color has-text-color has-link-color has-large-font-size wp-elements-5dc3608825d01329523341f042aef7d6\"><\/h2>\n\n\n\n<p class=\"has-vivid-green-cyan-color has-text-color has-link-color has-large-font-size wp-elements-f196d4c87ce276467d567b85d9bf1e93\"><strong>Fr\u00fchlings -Gangreitkurs 2026 mit Sigurdur Marinusson &#8211; Fr 8.-So 10. Mai 2026!!<\/strong><\/p>\n\n\n\n<p class=\"has-medium-font-size\">Siggi ist ein international bekannter und beliebter Trainer, erfolgreich im Turniersport als Weltmeister in der Passpr\u00fcfung, Trainer der isl\u00e4ndischen und holl\u00e4ndischen WM-Mannschaft, isl\u00e4ndischer Bereiter<\/p>\n\n\n\n<p class=\"has-medium-font-size\">Der Kurs umfasst individuelles Gangreit-Training f\u00fcr Freizeit-und Turnierreiter, seine Spezialit\u00e4t ist es, jeden bei seinem K\u00f6nnen abzuholen, Probleme zu erkennen und zu l\u00f6sen und auch, einen individuellen Trainingsplan zu entwickeln. Teilnahmezahl begrenzt, daher fr\u00fchzeitige Anmeldung, Leihpferd m\u00f6glich. Unterrichtssprache: Englisch<\/p>\n\n\n\n<p class=\"has-vivid-green-cyan-color has-text-color has-link-color has-large-font-size wp-elements-22bb6c0038a2df0497bdecad91473b83\"><strong>Spring Gait Riding Course 2026<\/strong><br><strong>with Sigurdur Marinusson \u2013 Fri, May 8 \u2013 Sun, May 10, 2026!!<\/strong><\/p>\n\n\n\n<p class=\"has-medium-font-size\">Siggi is an internationally known and popular trainer, successful in the competition scene as a world champion in the pace test, trainer of the Icelandic and Dutch World Championship teams, and an Icelandic rider.<\/p>\n\n\n\n<p class=\"has-medium-font-size\">The course includes individual gait training for leisure and competition riders. His specialty is meeting each rider at their level of ability, identifying and solving problems, and developing a personalized training plan.<br>The number of participants is limited, so early registration is recommended.<br>Rental horses available. Language: English<\/p>\n\n\n\n<figure class=\"wp-block-gallery has-nested-images columns-default is-cropped wp-block-gallery-1 is-layout-flex wp-block-gallery-is-layout-flex\">\n<figure class=\"wp-block-image size-large\"><img loading=\"lazy\" decoding=\"async\" width=\"1024\" height=\"684\" data-id=\"775\" src=\"https:\/\/www.islandpferde-wenzel.at\/wp-content\/uploads\/2022\/06\/284626389_1068094827122548_7592362589545887355_n-1024x684.jpeg\" alt=\"\" class=\"wp-image-775\" srcset=\"https:\/\/www.islandpferde-wenzel.at\/wp-content\/uploads\/2022\/06\/284626389_1068094827122548_7592362589545887355_n-1024x684.jpeg 1024w, https:\/\/www.islandpferde-wenzel.at\/wp-content\/uploads\/2022\/06\/284626389_1068094827122548_7592362589545887355_n-300x200.jpeg 300w, https:\/\/www.islandpferde-wenzel.at\/wp-content\/uploads\/2022\/06\/284626389_1068094827122548_7592362589545887355_n-768x513.jpeg 768w, https:\/\/www.islandpferde-wenzel.at\/wp-content\/uploads\/2022\/06\/284626389_1068094827122548_7592362589545887355_n-1536x1025.jpeg 1536w, https:\/\/www.islandpferde-wenzel.at\/wp-content\/uploads\/2022\/06\/284626389_1068094827122548_7592362589545887355_n-619x413.jpeg 619w, https:\/\/www.islandpferde-wenzel.at\/wp-content\/uploads\/2022\/06\/284626389_1068094827122548_7592362589545887355_n.jpeg 2048w\" sizes=\"auto, (max-width: 1024px) 100vw, 1024px\" \/><\/figure>\n\n\n\n<figure class=\"wp-block-image size-large\"><img loading=\"lazy\" decoding=\"async\" width=\"1024\" height=\"683\" data-id=\"776\" src=\"https:\/\/www.islandpferde-wenzel.at\/wp-content\/uploads\/2022\/06\/284876306_417998266838128_8881422107456907560_n-1024x683.jpeg\" alt=\"\" class=\"wp-image-776\" srcset=\"https:\/\/www.islandpferde-wenzel.at\/wp-content\/uploads\/2022\/06\/284876306_417998266838128_8881422107456907560_n-1024x683.jpeg 1024w, https:\/\/www.islandpferde-wenzel.at\/wp-content\/uploads\/2022\/06\/284876306_417998266838128_8881422107456907560_n-300x200.jpeg 300w, https:\/\/www.islandpferde-wenzel.at\/wp-content\/uploads\/2022\/06\/284876306_417998266838128_8881422107456907560_n-768x512.jpeg 768w, https:\/\/www.islandpferde-wenzel.at\/wp-content\/uploads\/2022\/06\/284876306_417998266838128_8881422107456907560_n-1536x1025.jpeg 1536w, https:\/\/www.islandpferde-wenzel.at\/wp-content\/uploads\/2022\/06\/284876306_417998266838128_8881422107456907560_n-619x413.jpeg 619w, https:\/\/www.islandpferde-wenzel.at\/wp-content\/uploads\/2022\/06\/284876306_417998266838128_8881422107456907560_n.jpeg 1665w\" sizes=\"auto, (max-width: 1024px) 100vw, 1024px\" \/><\/figure>\n<\/figure>\n\n\n\n<h2 class=\"wp-block-heading has-white-color has-text-color has-link-color wp-elements-33e4a8576ff5c52c61436ee67c532d3c\">xxx<\/h2>\n\n\n\n<h2 class=\"wp-block-heading has-white-color has-text-color has-link-color wp-elements-33e4a8576ff5c52c61436ee67c532d3c\">xxx<\/h2>\n\n\n\n<p class=\"has-white-color has-text-color has-link-color wp-elements-56b72746ab9eed52334fe517a9ed1291\">xxxx<\/p>\n\n\n\n<p class=\"has-vivid-red-color has-text-color has-link-color has-x-large-font-size wp-elements-ae21c4a745873e28b15b0b9d762499fa\"><em><strong>Safe the Date!!!<\/strong><\/em><\/p>\n\n\n\n<p class=\"has-vivid-cyan-blue-color has-text-color has-link-color has-large-font-size wp-elements-07cd3a82e0959b7a459c1ee30d178182\"><strong>PR\u00dcFUNGSREITEN\/HOFTURNIER 4.\/5. Juli 2026<\/strong><\/p>\n\n\n\n<h1 class=\"wp-block-heading has-black-color has-text-color has-link-color has-medium-font-size wp-elements-41872318e515e2364cd7de7168f84c33\"><\/h1>\n\n\n\n<p class=\"has-black-color has-text-color has-link-color has-medium-font-size wp-elements-da309b7eb3b5c01ea4326d695be6d9a2\">Pr\u00fcfungsreiten mit Bewerben der Sportklasse C! Keine Startkarte oder Turnierpferderegistrierung notwendig, genauere Details folgen noch. F\u00fcr Jugendliche und Erwachsene mit eigenem Pferd oder Leihpferd! Zum Schnuppern in turnierm\u00e4\u00dfiges Reiten, \u00dcberpr\u00fcfen der Leistung oder einfach nur um Spa\u00df zu haben! Gem\u00fctliches Rahmenprogramm geplant!<\/p>\n\n\n\n<figure class=\"wp-block-gallery has-nested-images columns-default is-cropped wp-block-gallery-2 is-layout-flex wp-block-gallery-is-layout-flex\"><\/figure>\n\n\n\n<p class=\"has-white-color has-text-color has-link-color wp-elements-56b72746ab9eed52334fe517a9ed1291\">xxxx<\/p>\n\n\n\n<h2 class=\"wp-block-heading has-vivid-red-color has-text-color has-link-color wp-elements-b89f25a1bed6f3e477a5462de54a30a2\"><strong>Intensivkurs 2026 mit Karo Wenzel- Termin wird bekannt gegeben!!<\/strong><\/h2>\n\n\n<div class=\"wp-block-image\">\n<figure class=\"alignleft size-full is-resized\"><img loading=\"lazy\" decoding=\"async\" width=\"960\" height=\"640\" src=\"http:\/\/www.islandpferde-wenzel.at\/wp-content\/uploads\/2017\/12\/14962802_931021183709196_5894558682659767602_n.jpg\" alt=\"\" class=\"wp-image-200\" style=\"width:420px;height:auto\" srcset=\"https:\/\/www.islandpferde-wenzel.at\/wp-content\/uploads\/2017\/12\/14962802_931021183709196_5894558682659767602_n.jpg 960w, https:\/\/www.islandpferde-wenzel.at\/wp-content\/uploads\/2017\/12\/14962802_931021183709196_5894558682659767602_n-300x200.jpg 300w, https:\/\/www.islandpferde-wenzel.at\/wp-content\/uploads\/2017\/12\/14962802_931021183709196_5894558682659767602_n-768x512.jpg 768w, https:\/\/www.islandpferde-wenzel.at\/wp-content\/uploads\/2017\/12\/14962802_931021183709196_5894558682659767602_n-619x413.jpg 619w\" sizes=\"auto, (max-width: 960px) 100vw, 960px\" \/><\/figure>\n<\/div>\n\n\n<p class=\"has-medium-font-size\">Prinzipien der Klassischen Dressur in Anwendung beim Gangreiten in Theorie und Praxis, Schulung von Sitz und Einwirkung mit Schwerpunkt T\u00f6lt, Erkennen von Problemen und Erarbeiten von L\u00f6sungen, Blickschulung. Teilnahme mit eigenem Pferd oder Schulpferd. JEDER Ausbildungsstand von Reiter oder Pferd willkommen! Teilnahme ohne Pferd zu reduziertem Preis m\u00f6glich!<\/p>\n\n\n\n<p><\/p>\n\n\n\n<p><\/p>\n\n\n\n<p><\/p>\n\n\n\n<p class=\"has-white-color has-text-color has-link-color wp-elements-b6ebfec92597fd971d61395e0ad4e8d3\">xxxxxxx<\/p>\n\n\n\n<p class=\"has-white-color has-text-color has-link-color wp-elements-56b72746ab9eed52334fe517a9ed1291\">xxxx<\/p>\n\n\n\n<h2 class=\"wp-block-heading has-vivid-red-color has-text-color\"><strong>Natural Horsemanship (NHT) &#8211; Kurs mit Sepp Mittmannsgruber &#8211; <em>Termine 2026 in Arbeit<\/em><\/strong><\/h2>\n\n\n\n<figure class=\"wp-block-gallery alignleft has-nested-images columns-default is-cropped wp-block-gallery-3 is-layout-flex wp-block-gallery-is-layout-flex\">\n<figure class=\"wp-block-image size-large\"><img loading=\"lazy\" decoding=\"async\" width=\"1267\" height=\"1217\" data-id=\"773\" src=\"http:\/\/www.islandpferde-wenzel.at\/wp-content\/uploads\/2022\/06\/Sepp.jpeg\" alt=\"\" class=\"wp-image-773\" srcset=\"https:\/\/www.islandpferde-wenzel.at\/wp-content\/uploads\/2022\/06\/Sepp.jpeg 1267w, https:\/\/www.islandpferde-wenzel.at\/wp-content\/uploads\/2022\/06\/Sepp-300x288.jpeg 300w, https:\/\/www.islandpferde-wenzel.at\/wp-content\/uploads\/2022\/06\/Sepp-1024x984.jpeg 1024w, https:\/\/www.islandpferde-wenzel.at\/wp-content\/uploads\/2022\/06\/Sepp-768x738.jpeg 768w, https:\/\/www.islandpferde-wenzel.at\/wp-content\/uploads\/2022\/06\/Sepp-619x595.jpeg 619w\" sizes=\"auto, (max-width: 1267px) 100vw, 1267px\" \/><\/figure>\n<\/figure>\n\n\n\n<p class=\"has-medium-font-size\">Kursinhalt: Theoretische Einf\u00fchrung in &#8220;Natural Horsemanship&#8221;, Erlernen der K\u00f6rpersprache im Umgang mit Pferden, Erarbeiten von Aufmerksamkeit, Vertrauen und Respekt; Erkennen und Verbessern der eigenen F\u00e4higkeiten im Umgang mit Pferden, Bodenarbeit mit Jungpferden, Problempferden oder Verfeinern und Gymnastizieren von erfahrenen Pferden.<\/p>\n\n\n\n<p class=\"has-medium-font-size\">Teilnahme mit eigenem Pferd oder Leihpferd m\u00f6glich, offen f\u00fcr alle Ausbildungsstufen von Pferd und Reiter<\/p>\n\n\n\n<p><\/p>\n\n\n\n<p><\/p>\n\n\n\n<p><\/p>\n\n\n\n<p class=\"has-medium-font-size\"><\/p>\n\n\n\n<h1 class=\"wp-block-heading has-white-color has-text-color has-link-color wp-elements-88048a19040933bf6c06bb43ef821cf4\">xxx<\/h1>\n\n\n\n<h1 class=\"wp-block-heading has-vivid-red-color has-text-color has-link-color has-large-font-size wp-elements-4976ff24f11ecf3e4f29e7620f8747d6\"><\/h1>\n\n\n\n<h1 class=\"wp-block-heading has-luminous-vivid-orange-color has-text-color has-link-color has-large-font-size wp-elements-3de6891994d7445d116a99e7ce27a14b\"><strong>Sommerreitlager f\u00fcr Kinder 2026<\/strong><\/h1>\n\n\n\n<ol class=\"wp-block-list\">\n<li class=\"has-vivid-green-cyan-color has-text-color has-link-color has-large-font-size wp-elements-7f8e43ea664664b5968b9664866e48d4\">Reitlager 13.-17.7.2026<\/li>\n\n\n\n<li class=\"has-vivid-green-cyan-color has-text-color has-link-color has-large-font-size wp-elements-1f5d7100e38a7da95f079aecb8772183\">Reitlager 20.-24.7.2026<\/li>\n<\/ol>\n\n\n\n<p class=\"has-medium-font-size\"><\/p>\n\n\n\n<p class=\"has-medium-font-size\">F\u00fcr M\u00e4dchen und Buben von 4 bis 17 Jahren<br>Wir bieten: T\u00e4glich Reitstunden f\u00fcr Anf\u00e4nger, Fortgeschrittene und T\u00f6ltreiter sowie theoretischen Unterricht! Beim Reitunterricht werden die Kinder je nach K\u00f6nnen in Gruppen eingeteilt.<br>Voltigieren, Reiterspiele, Lagerfeuer und Grillen, Pflegepferd, Wettbewerbe, Tennispl\u00e4tze und Minigolf in der N\u00e4he! Viel Spa\u00df rund ums Pferd!<br>Kinder sind immer unter Aufsicht!<br>Reiterstube, Zeltlager, Dusche, WC<br>Aufenthalt und Reiten auf eigene Gefahr!<\/p>\n\n\n\n<figure class=\"wp-block-gallery has-nested-images columns-default is-cropped wp-block-gallery-4 is-layout-flex wp-block-gallery-is-layout-flex\">\n<figure class=\"wp-block-image size-large\"><img loading=\"lazy\" decoding=\"async\" width=\"774\" height=\"1024\" data-id=\"866\" src=\"https:\/\/www.islandpferde-wenzel.at\/wp-content\/uploads\/2024\/02\/109770680_3482114931806795_2423327653662551846_n-774x1024.jpg\" alt=\"\" class=\"wp-image-866\" srcset=\"https:\/\/www.islandpferde-wenzel.at\/wp-content\/uploads\/2024\/02\/109770680_3482114931806795_2423327653662551846_n-774x1024.jpg 774w, https:\/\/www.islandpferde-wenzel.at\/wp-content\/uploads\/2024\/02\/109770680_3482114931806795_2423327653662551846_n-227x300.jpg 227w, https:\/\/www.islandpferde-wenzel.at\/wp-content\/uploads\/2024\/02\/109770680_3482114931806795_2423327653662551846_n-768x1015.jpg 768w, https:\/\/www.islandpferde-wenzel.at\/wp-content\/uploads\/2024\/02\/109770680_3482114931806795_2423327653662551846_n-619x818.jpg 619w, https:\/\/www.islandpferde-wenzel.at\/wp-content\/uploads\/2024\/02\/109770680_3482114931806795_2423327653662551846_n.jpg 900w\" sizes=\"auto, (max-width: 774px) 100vw, 774px\" \/><\/figure>\n\n\n\n<figure class=\"wp-block-image size-large\"><img loading=\"lazy\" decoding=\"async\" width=\"206\" height=\"206\" data-id=\"863\" src=\"https:\/\/www.islandpferde-wenzel.at\/wp-content\/uploads\/2024\/02\/18010351_1556345977717043_686044768589474832_n.jpg\" alt=\"\" class=\"wp-image-863\" srcset=\"https:\/\/www.islandpferde-wenzel.at\/wp-content\/uploads\/2024\/02\/18010351_1556345977717043_686044768589474832_n.jpg 206w, https:\/\/www.islandpferde-wenzel.at\/wp-content\/uploads\/2024\/02\/18010351_1556345977717043_686044768589474832_n-150x150.jpg 150w\" sizes=\"auto, (max-width: 206px) 100vw, 206px\" \/><\/figure>\n\n\n\n<figure class=\"wp-block-image size-large\"><img loading=\"lazy\" decoding=\"async\" width=\"768\" height=\"1024\" data-id=\"867\" src=\"https:\/\/www.islandpferde-wenzel.at\/wp-content\/uploads\/2024\/02\/287751579_5574596875891913_4966912739173661284_n-768x1024.jpg\" alt=\"\" class=\"wp-image-867\" srcset=\"https:\/\/www.islandpferde-wenzel.at\/wp-content\/uploads\/2024\/02\/287751579_5574596875891913_4966912739173661284_n-768x1024.jpg 768w, https:\/\/www.islandpferde-wenzel.at\/wp-content\/uploads\/2024\/02\/287751579_5574596875891913_4966912739173661284_n-225x300.jpg 225w, https:\/\/www.islandpferde-wenzel.at\/wp-content\/uploads\/2024\/02\/287751579_5574596875891913_4966912739173661284_n-1152x1536.jpg 1152w, https:\/\/www.islandpferde-wenzel.at\/wp-content\/uploads\/2024\/02\/287751579_5574596875891913_4966912739173661284_n-619x825.jpg 619w, https:\/\/www.islandpferde-wenzel.at\/wp-content\/uploads\/2024\/02\/287751579_5574596875891913_4966912739173661284_n.jpg 1536w\" sizes=\"auto, (max-width: 768px) 100vw, 768px\" \/><\/figure>\n\n\n\n<figure class=\"wp-block-image size-large\"><img loading=\"lazy\" decoding=\"async\" width=\"206\" height=\"206\" data-id=\"862\" src=\"https:\/\/www.islandpferde-wenzel.at\/wp-content\/uploads\/2024\/02\/14055158_1292641227420854_6273573879934048877_n.jpg\" alt=\"\" class=\"wp-image-862\" srcset=\"https:\/\/www.islandpferde-wenzel.at\/wp-content\/uploads\/2024\/02\/14055158_1292641227420854_6273573879934048877_n.jpg 206w, https:\/\/www.islandpferde-wenzel.at\/wp-content\/uploads\/2024\/02\/14055158_1292641227420854_6273573879934048877_n-150x150.jpg 150w\" sizes=\"auto, (max-width: 206px) 100vw, 206px\" \/><\/figure>\n\n\n\n<figure class=\"wp-block-image size-large\"><img loading=\"lazy\" decoding=\"async\" width=\"206\" height=\"206\" data-id=\"864\" src=\"https:\/\/www.islandpferde-wenzel.at\/wp-content\/uploads\/2024\/02\/29103425_1904129176272053_3450967146723540992_n.jpg\" alt=\"\" class=\"wp-image-864\" srcset=\"https:\/\/www.islandpferde-wenzel.at\/wp-content\/uploads\/2024\/02\/29103425_1904129176272053_3450967146723540992_n.jpg 206w, https:\/\/www.islandpferde-wenzel.at\/wp-content\/uploads\/2024\/02\/29103425_1904129176272053_3450967146723540992_n-150x150.jpg 150w\" sizes=\"auto, (max-width: 206px) 100vw, 206px\" \/><\/figure>\n\n\n\n<figure class=\"wp-block-image size-large\"><img loading=\"lazy\" decoding=\"async\" width=\"206\" height=\"206\" data-id=\"865\" src=\"https:\/\/www.islandpferde-wenzel.at\/wp-content\/uploads\/2024\/02\/174260821_4263960293622251_111662815598195320_n.jpg\" alt=\"\" class=\"wp-image-865\" srcset=\"https:\/\/www.islandpferde-wenzel.at\/wp-content\/uploads\/2024\/02\/174260821_4263960293622251_111662815598195320_n.jpg 206w, https:\/\/www.islandpferde-wenzel.at\/wp-content\/uploads\/2024\/02\/174260821_4263960293622251_111662815598195320_n-150x150.jpg 150w\" sizes=\"auto, (max-width: 206px) 100vw, 206px\" \/><\/figure>\n<\/figure>\n\n\n\n<h2 class=\"wp-block-heading has-white-color has-text-color has-link-color wp-elements-33e4a8576ff5c52c61436ee67c532d3c\">xxx<\/h2>\n\n\n\n<h2 class=\"wp-block-heading has-white-color has-text-color has-link-color wp-elements-33e4a8576ff5c52c61436ee67c532d3c\">xxx<\/h2>\n\n\n\n<p><\/p>\n\n\n\n<h2 class=\"wp-block-heading\"><\/h2>\n\n\n\n<p><\/p>\n\n\n\n<p><\/p>\n\n\n\n<p><\/p>\n\n\n\n<p><\/p>\n\n\n\n<h1 class=\"wp-block-heading has-vivid-cyan-blue-color has-text-color\"><strong><em>Deckhengste 2026<\/em><\/strong><\/h1>\n\n\n\n<h2 class=\"wp-block-heading\"><strong>Glans fr\u00e1 Dallandi,&nbsp;<\/strong><strong>IS 2005125116<\/strong><\/h2>\n\n\n\n<p class=\"has-medium-font-size\">Ausdrucksstarker Hengst mit gro\u00dfen Bewegungen, &#8220;Vierg\u00e4nger mit Rennpa\u00df&#8221;, sehr gutes Temperament und Charakter. Seine Nachzucht zeichnet sich aus durch sehr gutes Geb\u00e4ude, klare, gut getrennte G\u00e4nge sowohl Vier- als auch F\u00fcnfg\u00e4nger, Top-Charakter und Temperament, bereits erfolgreich in Sport und Zucht in Island und Deutschland<\/p>\n\n\n\n<p class=\"has-medium-font-size\"><em>V: Blaer fr\u00e1 Hesti (Gesamt: 8,50),&nbsp;<\/em><em>M: Gn\u00f3tt fr\u00e1 Dallandi (Gesamt: 8,25)<\/em><\/p>\n\n\n\n<p class=\"has-medium-font-size\"><em> Gesamt: 7,86<\/em><\/p>\n\n\n\n<figure class=\"wp-block-gallery has-nested-images columns-default is-cropped wp-block-gallery-5 is-layout-flex wp-block-gallery-is-layout-flex\">\n<figure class=\"wp-block-image size-large\"><img loading=\"lazy\" decoding=\"async\" width=\"1024\" height=\"918\" data-id=\"386\" src=\"https:\/\/www.islandpferde-wenzel.at\/wp-content\/uploads\/2021\/01\/Glans1-1024x918.jpg\" alt=\"\" class=\"wp-image-386\" srcset=\"https:\/\/www.islandpferde-wenzel.at\/wp-content\/uploads\/2021\/01\/Glans1-1024x918.jpg 1024w, https:\/\/www.islandpferde-wenzel.at\/wp-content\/uploads\/2021\/01\/Glans1-300x269.jpg 300w, https:\/\/www.islandpferde-wenzel.at\/wp-content\/uploads\/2021\/01\/Glans1-768x688.jpg 768w, https:\/\/www.islandpferde-wenzel.at\/wp-content\/uploads\/2021\/01\/Glans1-619x555.jpg 619w\" sizes=\"auto, (max-width: 1024px) 100vw, 1024px\" \/><\/figure>\n\n\n\n<figure class=\"wp-block-image size-large\"><img loading=\"lazy\" decoding=\"async\" width=\"1024\" height=\"683\" data-id=\"387\" src=\"https:\/\/www.islandpferde-wenzel.at\/wp-content\/uploads\/2021\/01\/Glans2-1024x683.jpg\" alt=\"\" class=\"wp-image-387\" srcset=\"https:\/\/www.islandpferde-wenzel.at\/wp-content\/uploads\/2021\/01\/Glans2-1024x683.jpg 1024w, https:\/\/www.islandpferde-wenzel.at\/wp-content\/uploads\/2021\/01\/Glans2-300x200.jpg 300w, https:\/\/www.islandpferde-wenzel.at\/wp-content\/uploads\/2021\/01\/Glans2-768x512.jpg 768w, https:\/\/www.islandpferde-wenzel.at\/wp-content\/uploads\/2021\/01\/Glans2-619x413.jpg 619w\" sizes=\"auto, (max-width: 1024px) 100vw, 1024px\" \/><\/figure>\n\n\n\n<figure class=\"wp-block-image size-large\"><img loading=\"lazy\" decoding=\"async\" width=\"877\" height=\"1024\" data-id=\"209\" src=\"https:\/\/www.islandpferde-wenzel.at\/wp-content\/uploads\/2017\/04\/Glans2-877x1024.jpg\" alt=\"\" class=\"wp-image-209\" srcset=\"https:\/\/www.islandpferde-wenzel.at\/wp-content\/uploads\/2017\/04\/Glans2-877x1024.jpg 877w, https:\/\/www.islandpferde-wenzel.at\/wp-content\/uploads\/2017\/04\/Glans2-257x300.jpg 257w, https:\/\/www.islandpferde-wenzel.at\/wp-content\/uploads\/2017\/04\/Glans2-768x896.jpg 768w, https:\/\/www.islandpferde-wenzel.at\/wp-content\/uploads\/2017\/04\/Glans2-619x723.jpg 619w, https:\/\/www.islandpferde-wenzel.at\/wp-content\/uploads\/2017\/04\/Glans2.jpg 1417w\" sizes=\"auto, (max-width: 877px) 100vw, 877px\" \/><\/figure>\n<\/figure>\n\n\n\n<h2 class=\"wp-block-heading\">&nbsp;<\/h2>\n\n\n\n<h2 class=\"wp-block-heading\"><strong>Magni fr\u00e1 Hvanneyri,&nbsp;<\/strong><strong>IS2004135535<\/strong><\/h2>\n\n\n\n<p class=\"has-medium-font-size\"><em>V: St\u00e1li fr\u00e1 Kjarri (Reiteigenschaften 9,09) M: Vera fr\u00e1 Eyj\u00f3lfsst\u00f6dum (Gesamt: 7,69) Exterieur: 8,04 Reiteigenschaften: 8,46, Gesamt: 8,29<\/em><\/p>\n\n\n\n<p class=\"has-medium-font-size\">Temperamentvoller F\u00fcnfganghengst mit hervorragenden Reiteigenschaften. Sehr guter T\u00f6lt, kraftvoller Rennpa\u00df, sowie ausgezeichneter Charakter und Kooperationsbereitschaft. Er ist erfolgreich bei Sportturnieren, Gaedingakeppni und einsetzbar f\u00fcr diverse Ausbildungspr\u00fcfungen. Seiner Nachzucht vererbt er alle seine guten Eigenschaften sowie tolle Farben.<\/p>\n\n\n\n<figure class=\"wp-block-gallery has-nested-images columns-default is-cropped wp-block-gallery-6 is-layout-flex wp-block-gallery-is-layout-flex\">\n<figure class=\"wp-block-image size-large\"><img loading=\"lazy\" decoding=\"async\" width=\"1024\" height=\"683\" data-id=\"109\" src=\"https:\/\/www.islandpferde-wenzel.at\/wp-content\/uploads\/2017\/04\/7021_187-1024x683.jpg\" alt=\"\" class=\"wp-image-109\" srcset=\"https:\/\/www.islandpferde-wenzel.at\/wp-content\/uploads\/2017\/04\/7021_187-1024x683.jpg 1024w, https:\/\/www.islandpferde-wenzel.at\/wp-content\/uploads\/2017\/04\/7021_187-300x200.jpg 300w, https:\/\/www.islandpferde-wenzel.at\/wp-content\/uploads\/2017\/04\/7021_187-768x512.jpg 768w, https:\/\/www.islandpferde-wenzel.at\/wp-content\/uploads\/2017\/04\/7021_187-619x413.jpg 619w, https:\/\/www.islandpferde-wenzel.at\/wp-content\/uploads\/2017\/04\/7021_187.jpg 1260w\" sizes=\"auto, (max-width: 1024px) 100vw, 1024px\" \/><\/figure>\n\n\n\n<figure class=\"wp-block-image size-large\"><img loading=\"lazy\" decoding=\"async\" width=\"1024\" height=\"683\" data-id=\"108\" src=\"https:\/\/www.islandpferde-wenzel.at\/wp-content\/uploads\/2017\/04\/7021_197-1024x683.jpg\" alt=\"\" class=\"wp-image-108\" srcset=\"https:\/\/www.islandpferde-wenzel.at\/wp-content\/uploads\/2017\/04\/7021_197-1024x683.jpg 1024w, https:\/\/www.islandpferde-wenzel.at\/wp-content\/uploads\/2017\/04\/7021_197-300x200.jpg 300w, https:\/\/www.islandpferde-wenzel.at\/wp-content\/uploads\/2017\/04\/7021_197-768x512.jpg 768w, https:\/\/www.islandpferde-wenzel.at\/wp-content\/uploads\/2017\/04\/7021_197-619x413.jpg 619w, https:\/\/www.islandpferde-wenzel.at\/wp-content\/uploads\/2017\/04\/7021_197.jpg 1260w\" sizes=\"auto, (max-width: 1024px) 100vw, 1024px\" \/><\/figure>\n\n\n\n<figure class=\"wp-block-image size-large\"><img loading=\"lazy\" decoding=\"async\" width=\"1024\" height=\"683\" data-id=\"107\" src=\"https:\/\/www.islandpferde-wenzel.at\/wp-content\/uploads\/2017\/04\/7021_134-1024x683.jpg\" alt=\"\" class=\"wp-image-107\" srcset=\"https:\/\/www.islandpferde-wenzel.at\/wp-content\/uploads\/2017\/04\/7021_134-1024x683.jpg 1024w, https:\/\/www.islandpferde-wenzel.at\/wp-content\/uploads\/2017\/04\/7021_134-300x200.jpg 300w, https:\/\/www.islandpferde-wenzel.at\/wp-content\/uploads\/2017\/04\/7021_134-768x512.jpg 768w, https:\/\/www.islandpferde-wenzel.at\/wp-content\/uploads\/2017\/04\/7021_134-619x413.jpg 619w, https:\/\/www.islandpferde-wenzel.at\/wp-content\/uploads\/2017\/04\/7021_134.jpg 1260w\" sizes=\"auto, (max-width: 1024px) 100vw, 1024px\" \/><\/figure>\n<\/figure>\n\n\n\n<h2 class=\"wp-block-heading has-white-color has-text-color has-link-color wp-elements-33e4a8576ff5c52c61436ee67c532d3c\">xxx<\/h2>\n\n\n\n<h2 class=\"wp-block-heading has-white-color has-text-color has-link-color wp-elements-33e4a8576ff5c52c61436ee67c532d3c\">xxx<\/h2>\n\n\n\n<h2 class=\"wp-block-heading has-vivid-red-color has-text-color has-link-color wp-elements-5f59b58bfe5b15954f1f3955bc2e965a\"><strong>&#8211;&gt;&gt; <\/strong><em><strong>Ergreife die Gelegenheit<\/strong><\/em><strong> !!! WIR SUCHEN UNTERST\u00dcTZUNG F\u00dcR UNSER UNTERRICHTSTEAM!!!<\/strong><\/h2>\n\n\n\n<p class=\"has-medium-font-size\">Hast Du Motivation und Zeit Kinder und Erwachsene auf Basis einer guten Grundausbildung zu unterrichten? Uns ist es ganz wichtig, da\u00df Reiter und Pferd eine Harmonie bilden, pferdefreundliches Reiten mit feiner Hilfengebung und guter Balance nach klassischen Prinzipien! Wir bauen auch gerne Aspekte von Trailtraining, Working Equitation, Westernreiten, Quadrillereiten, Voltigieren, etc. ein! Zeitliche Einbindung v\u00f6llig flexibel, etwas Unterrichtserfahrung bzw. Ausbildungsnachweis in jeglicher Sparte (mu\u00df nicht unbedingt Islandpferde \u00dcL oder RI sein) w\u00e4ren optimal! Wir haben am Hof viel M\u00f6glichkeiten zur eigenen Fortbildung, talentierte Pferde zur Verf\u00fcgung, und sind ein nettes Team! Einfach unverbindlich vorbeikommen oder anrufen!<\/p>\n","protected":false},"excerpt":{"rendered":"<p>TERMINE und AKTUELLES 2026 xxx Fr\u00fchlings -Gangreitkurs 2026 mit Sigurdur Marinusson &#8211; Fr 8.-So 10. Mai 2026!! Siggi ist ein international bekannter und beliebter Trainer, erfolgreich im Turniersport als Weltmeister in der Passpr\u00fcfung, Trainer der isl\u00e4ndischen und holl\u00e4ndischen WM-Mannschaft, isl\u00e4ndischer Bereiter Der Kurs umfasst individuelles Gangreit-Training f\u00fcr Freizeit-und Turnierreiter, seine Spezialit\u00e4t ist es, jeden bei [&hellip;]<\/p>\n","protected":false},"author":1,"featured_media":0,"parent":0,"menu_order":0,"comment_status":"closed","ping_status":"closed","template":"","meta":{"footnotes":""},"class_list":["post-15","page","type-page","status-publish","hentry"],"_links":{"self":[{"href":"https:\/\/www.islandpferde-wenzel.at\/index.php?rest_route=\/wp\/v2\/pages\/15","targetHints":{"allow":["GET"]}}],"collection":[{"href":"https:\/\/www.islandpferde-wenzel.at\/index.php?rest_route=\/wp\/v2\/pages"}],"about":[{"href":"https:\/\/www.islandpferde-wenzel.at\/index.php?rest_route=\/wp\/v2\/types\/page"}],"author":[{"embeddable":true,"href":"https:\/\/www.islandpferde-wenzel.at\/index.php?rest_route=\/wp\/v2\/users\/1"}],"replies":[{"embeddable":true,"href":"https:\/\/www.islandpferde-wenzel.at\/index.php?rest_route=%2Fwp%2Fv2%2Fcomments&post=15"}],"version-history":[{"count":192,"href":"https:\/\/www.islandpferde-wenzel.at\/index.php?rest_route=\/wp\/v2\/pages\/15\/revisions"}],"predecessor-version":[{"id":1138,"href":"https:\/\/www.islandpferde-wenzel.at\/index.php?rest_route=\/wp\/v2\/pages\/15\/revisions\/1138"}],"wp:attachment":[{"href":"https:\/\/www.islandpferde-wenzel.at\/index.php?rest_route=%2Fwp%2Fv2%2Fmedia&parent=15"}],"curies":[{"name":"wp","href":"https:\/\/api.w.org\/{rel}","templated":true}]}}